{"id":3396,"date":"2021-08-02T12:29:57","date_gmt":"2021-08-02T15:29:57","guid":{"rendered":"https:\/\/deportesmil.com\/?page_id=3396"},"modified":"2021-09-24T00:26:02","modified_gmt":"2021-09-24T03:26:02","slug":"agradecimientos","status":"publish","type":"page","link":"https:\/\/deportesmil.com\/?page_id=3396","title":{"rendered":"Agradecimientos"},"content":{"rendered":"\t\t<div data-elementor-type=\"wp-page\" data-elementor-id=\"3396\" class=\"elementor elementor-3396\" data-elementor-settings=\"{&quot;ha_cmc_init_switcher&quot;:&quot;no&quot;}\">\n\t\t\t\t\t\t<section class=\"elementor-section elementor-top-section elementor-element elementor-element-46060cf elementor-section-full_width elementor-section-height-default elementor-section-height-default wpr-particle-no wpr-jarallax-no wpr-parallax-no wpr-sticky-section-no wpr-equal-height-no\" data-id=\"46060cf\" data-element_type=\"section\" data-e-type=\"section\" data-settings=\"{&quot;_ha_eqh_enable&quot;:false}\">\n\t\t\t\t\t\t<div class=\"elementor-container elementor-column-gap-default\">\n\t\t\t\t\t<div class=\"elementor-column elementor-col-100 elementor-top-column elementor-element elementor-element-12a1d04\" data-id=\"12a1d04\" data-element_type=\"column\" data-e-type=\"column\">\n\t\t\t<div class=\"elementor-widget-wrap\">\n\t\t\t\t\t\t\t<\/div>\n\t\t<\/div>\n\t\t\t\t\t<\/div>\n\t\t<\/section>\n\t\t\t\t<section class=\"elementor-section elementor-top-section elementor-element elementor-element-3a73972 elementor-section-full_width elementor-section-height-default elementor-section-height-default wpr-particle-no wpr-jarallax-no wpr-parallax-no wpr-sticky-section-no wpr-equal-height-no\" data-id=\"3a73972\" data-element_type=\"section\" data-e-type=\"section\" data-settings=\"{&quot;_ha_eqh_enable&quot;:false}\">\n\t\t\t\t\t\t<div class=\"elementor-container elementor-column-gap-default\">\n\t\t\t\t\t<div class=\"elementor-column elementor-col-100 elementor-top-column elementor-element elementor-element-eb24510 contenedor-glassdos\" data-id=\"eb24510\" data-element_type=\"column\" data-e-type=\"column\">\n\t\t\t<div class=\"elementor-widget-wrap elementor-element-populated\">\n\t\t\t\t\t\t<section class=\"elementor-section elementor-inner-section elementor-element elementor-element-68dc857 elementor-section-full_width elementor-section-height-default elementor-section-height-default wpr-particle-no wpr-jarallax-no wpr-parallax-no wpr-sticky-section-no wpr-equal-height-no\" data-id=\"68dc857\" data-element_type=\"section\" data-e-type=\"section\" data-settings=\"{&quot;_ha_eqh_enable&quot;:false}\">\n\t\t\t\t\t\t<div class=\"elementor-container elementor-column-gap-default\">\n\t\t\t\t\t<div class=\"elementor-column elementor-col-100 elementor-inner-column elementor-element elementor-element-09f9471\" data-id=\"09f9471\" data-element_type=\"column\" data-e-type=\"column\">\n\t\t\t<div class=\"elementor-widget-wrap elementor-element-populated\">\n\t\t\t\t\t\t<div class=\"elementor-element elementor-element-5e4dd12 elementor-widget elementor-widget-heading\" data-id=\"5e4dd12\" data-element_type=\"widget\" data-e-type=\"widget\" data-widget_type=\"heading.default\">\n\t\t\t\t<div class=\"elementor-widget-container\">\n\t\t\t\t\t<h2 class=\"elementor-heading-title elementor-size-xl\">Agradecimientos<\/h2>\t\t\t\t<\/div>\n\t\t\t\t<\/div>\n\t\t\t\t<div class=\"elementor-element elementor-element-39879aa elementor-widget elementor-widget-text-editor\" data-id=\"39879aa\" data-element_type=\"widget\" data-e-type=\"widget\" data-widget_type=\"text-editor.default\">\n\t\t\t\t<div class=\"elementor-widget-container\">\n\t\t\t\t\t\t\t\t\t<p>En esta secci\u00f3n nuestros internautas podr\u00e1n encontrar rese\u00f1as de agradecimiento que hemos recibido como <strong>SPORT FUERZAS (cuando funcion\u00e1bamos en edici\u00f3n impresa)<\/strong> y que ahora en formato digital recibimos como <strong>DEPORTES.MIL<\/strong>; rese\u00f1as de diferentes agregados militares, embajadas y personalidades representativas de las diferentes fuerzas militares.<\/p>\t\t\t\t\t\t\t\t<\/div>\n\t\t\t\t<\/div>\n\t\t\t\t<div class=\"elementor-element elementor-element-27cfe4d elementor-widget-divider--view-line_icon elementor-view-default elementor-widget-divider--element-align-center elementor-widget elementor-widget-divider\" data-id=\"27cfe4d\" data-element_type=\"widget\" data-e-type=\"widget\" data-widget_type=\"divider.default\">\n\t\t\t\t<div class=\"elementor-widget-container\">\n\t\t\t\t\t\t\t<div class=\"elementor-divider\">\n\t\t\t<span class=\"elementor-divider-separator\">\n\t\t\t\t\t\t\t<div class=\"elementor-icon elementor-divider__element\">\n\t\t\t\t\t<i aria-hidden=\"true\" class=\"fas fa-award\"><\/i><\/div>\n\t\t\t\t\t\t<\/span>\n\t\t<\/div>\n\t\t\t\t\t\t<\/div>\n\t\t\t\t<\/div>\n\t\t\t\t\t<\/div>\n\t\t<\/div>\n\t\t\t\t\t<\/div>\n\t\t<\/section>\n\t\t\t\t<section class=\"elementor-section elementor-inner-section elementor-element elementor-element-62a20d4 elementor-section-full_width elementor-section-height-default elementor-section-height-default wpr-particle-no wpr-jarallax-no wpr-parallax-no wpr-sticky-section-no wpr-equal-height-no\" data-id=\"62a20d4\" data-element_type=\"section\" data-e-type=\"section\" data-settings=\"{&quot;_ha_eqh_enable&quot;:false}\">\n\t\t\t\t\t\t<div class=\"elementor-container elementor-column-gap-default\">\n\t\t\t\t\t<div class=\"elementor-column elementor-col-33 elementor-inner-column elementor-element elementor-element-a19b127\" data-id=\"a19b127\" data-element_type=\"column\" data-e-type=\"column\">\n\t\t\t<div class=\"elementor-widget-wrap elementor-element-populated\">\n\t\t\t\t\t\t<div class=\"elementor-element elementor-element-c5c8040 ha-card--top ha-card--tablet-top ha-card--mobile-top elementor-widget elementor-widget-ha-card happy-addon ha-card\" data-id=\"c5c8040\" data-element_type=\"widget\" data-e-type=\"widget\" data-widget_type=\"ha-card.default\">\n\t\t\t\t<div class=\"elementor-widget-container\">\n\t\t\t\t\t\n\t\t\t\t\t<figure class=\"ha-card-figure\">\n\t\t\t\t<img fetchpriority=\"high\" decoding=\"async\" width=\"2560\" height=\"1600\" src=\"https:\/\/deportesmil.com\/wp-content\/uploads\/2021\/08\/logo_ejercito.png\" class=\"attachment-full size-full wp-image-3523\" alt=\"\" srcset=\"https:\/\/deportesmil.com\/wp-content\/uploads\/2021\/08\/logo_ejercito.png 2560w, https:\/\/deportesmil.com\/wp-content\/uploads\/2021\/08\/logo_ejercito-600x375.png 600w, https:\/\/deportesmil.com\/wp-content\/uploads\/2021\/08\/logo_ejercito-300x188.png 300w, https:\/\/deportesmil.com\/wp-content\/uploads\/2021\/08\/logo_ejercito-1024x640.png 1024w, https:\/\/deportesmil.com\/wp-content\/uploads\/2021\/08\/logo_ejercito-768x480.png 768w, https:\/\/deportesmil.com\/wp-content\/uploads\/2021\/08\/logo_ejercito-1536x960.png 1536w, https:\/\/deportesmil.com\/wp-content\/uploads\/2021\/08\/logo_ejercito-2048x1280.png 2048w\" sizes=\"(max-width: 2560px) 100vw, 2560px\" \/>\t\t\t\t\t\t\t<\/figure>\n\t\t\n\t\t<div class=\"ha-card-body\">\n\n\t\t\t<h3 class=\"ha-card-title\">Departamento de Comunicaci\u00f3n Institucional de la Secretar\u00eda del Ejercito<\/h3>\n\t\t\t\t\t\t\t<div class=\"ha-card-text\">\n\t\t\t\t\t<p>\n... Establecemos el contacto, fue de muy buen agrado haber recibido su material.\n<br>\n\nSaludos Cordiales; <br><br>\n<b><i>Tcnl. Mart\u00edn Mendoza<\/i><br>\nDpto. Comunicaci\u00f3n Institucional<br>\nSecretar\u00eda General del Ej\u00e9rcito<\/b>\n<\/p>\n\t\t\t\t<\/div>\n\t\t\t\n\t\t\t\t\t<\/div>\n\t\t\t\t\t\t<\/div>\n\t\t\t\t<\/div>\n\t\t\t\t\t<\/div>\n\t\t<\/div>\n\t\t\t\t<div class=\"elementor-column elementor-col-33 elementor-inner-column elementor-element elementor-element-a87b443\" data-id=\"a87b443\" data-element_type=\"column\" data-e-type=\"column\">\n\t\t\t<div class=\"elementor-widget-wrap elementor-element-populated\">\n\t\t\t\t\t\t<div class=\"elementor-element elementor-element-a4aab93 ha-card--top ha-card--tablet-top ha-card--mobile-top elementor-widget elementor-widget-ha-card happy-addon ha-card\" data-id=\"a4aab93\" data-element_type=\"widget\" data-e-type=\"widget\" data-widget_type=\"ha-card.default\">\n\t\t\t\t<div class=\"elementor-widget-container\">\n\t\t\t\t\t\n\t\t\t\t\t<figure class=\"ha-card-figure\">\n\t\t\t\t<img decoding=\"async\" width=\"2560\" height=\"1600\" src=\"https:\/\/deportesmil.com\/wp-content\/uploads\/2021\/08\/ar-1.png\" class=\"attachment-full size-full wp-image-3522\" alt=\"\" srcset=\"https:\/\/deportesmil.com\/wp-content\/uploads\/2021\/08\/ar-1.png 2560w, https:\/\/deportesmil.com\/wp-content\/uploads\/2021\/08\/ar-1-600x375.png 600w, https:\/\/deportesmil.com\/wp-content\/uploads\/2021\/08\/ar-1-300x188.png 300w, https:\/\/deportesmil.com\/wp-content\/uploads\/2021\/08\/ar-1-1024x640.png 1024w, https:\/\/deportesmil.com\/wp-content\/uploads\/2021\/08\/ar-1-768x480.png 768w, https:\/\/deportesmil.com\/wp-content\/uploads\/2021\/08\/ar-1-1536x960.png 1536w, https:\/\/deportesmil.com\/wp-content\/uploads\/2021\/08\/ar-1-2048x1280.png 2048w\" sizes=\"(max-width: 2560px) 100vw, 2560px\" \/>\t\t\t\t\t\t\t<\/figure>\n\t\t\n\t\t<div class=\"ha-card-body\">\n\n\t\t\t<h3 class=\"ha-card-title\">Federaci\u00f3n Deportiva Militar Argentina<\/h3>\n\t\t\t\t\t\t\t<div class=\"ha-card-text\">\n\t\t\t\t\t<p>\n.. Asimismo, deseo por la magn\u00edfica edici\u00f3n y contenido que cubre la pr\u00e1ctica del deporte castrense. Sin otro particular y deseandoles que continuen los exitos.\n<br>\n\nSaludo muy atentamente; <br><br>\n<b><i>Carlos Alfonso<\/i><br>\nGENERAL DE BRIGADA (R)<br>\nPRESIDENTE DE LA FEDERACI\u00d3N DEPORTIVA MILITAR<\/b>\n<\/p>\n\t\t\t\t<\/div>\n\t\t\t\n\t\t\t\t\t<\/div>\n\t\t\t\t\t\t<\/div>\n\t\t\t\t<\/div>\n\t\t\t\t\t<\/div>\n\t\t<\/div>\n\t\t\t\t<div class=\"elementor-column elementor-col-33 elementor-inner-column elementor-element elementor-element-69fd31c\" data-id=\"69fd31c\" data-element_type=\"column\" data-e-type=\"column\">\n\t\t\t<div class=\"elementor-widget-wrap elementor-element-populated\">\n\t\t\t\t\t\t<div class=\"elementor-element elementor-element-26b749a ha-card--top ha-card--tablet-top ha-card--mobile-top elementor-widget elementor-widget-ha-card happy-addon ha-card\" data-id=\"26b749a\" data-element_type=\"widget\" data-e-type=\"widget\" data-widget_type=\"ha-card.default\">\n\t\t\t\t<div class=\"elementor-widget-container\">\n\t\t\t\t\t\n\t\t\t\t\t<figure class=\"ha-card-figure\">\n\t\t\t\t<img decoding=\"async\" width=\"360\" height=\"240\" src=\"https:\/\/deportesmil.com\/wp-content\/uploads\/2021\/08\/sa.png\" class=\"attachment-full size-full wp-image-3451\" alt=\"\" srcset=\"https:\/\/deportesmil.com\/wp-content\/uploads\/2021\/08\/sa.png 360w, https:\/\/deportesmil.com\/wp-content\/uploads\/2021\/08\/sa-300x200.png 300w\" sizes=\"(max-width: 360px) 100vw, 360px\" \/>\t\t\t\t\t\t\t<\/figure>\n\t\t\n\t\t<div class=\"ha-card-body\">\n\n\t\t\t<h3 class=\"ha-card-title\">Embajada del Reino de Arabia Saudita<\/h3>\n\t\t\t\t\t\t\t<div class=\"ha-card-text\">\n\t\t\t\t\t<p>\n.. Al agradecerle dicho env\u00edo, quiero hacerle llegar a Ud. y a su grupo de Sport Fuerzas mis m\u00e1s sinceros deseos de \u00e9xito y de continuo progreso.\n<br><br>\n\n<b><i>Adnan A. Baghdadl<\/i><br>\nEMBAJADOR<\/b>\n<\/p>\n\t\t\t\t<\/div>\n\t\t\t\n\t\t\t\t\t<\/div>\n\t\t\t\t\t\t<\/div>\n\t\t\t\t<\/div>\n\t\t\t\t\t<\/div>\n\t\t<\/div>\n\t\t\t\t\t<\/div>\n\t\t<\/section>\n\t\t\t\t<section class=\"elementor-section elementor-inner-section elementor-element elementor-element-5a4cbac elementor-section-full_width elementor-section-height-default elementor-section-height-default wpr-particle-no wpr-jarallax-no wpr-parallax-no wpr-sticky-section-no wpr-equal-height-no\" data-id=\"5a4cbac\" data-element_type=\"section\" data-e-type=\"section\" data-settings=\"{&quot;_ha_eqh_enable&quot;:false}\">\n\t\t\t\t\t\t<div class=\"elementor-container elementor-column-gap-default\">\n\t\t\t\t\t<div class=\"elementor-column elementor-col-33 elementor-inner-column elementor-element elementor-element-a55c233\" data-id=\"a55c233\" data-element_type=\"column\" data-e-type=\"column\">\n\t\t\t<div class=\"elementor-widget-wrap elementor-element-populated\">\n\t\t\t\t\t\t<div class=\"elementor-element elementor-element-c812bed ha-card--top ha-card--tablet-top ha-card--mobile-top elementor-widget elementor-widget-ha-card happy-addon ha-card\" data-id=\"c812bed\" data-element_type=\"widget\" data-e-type=\"widget\" data-widget_type=\"ha-card.default\">\n\t\t\t\t<div class=\"elementor-widget-container\">\n\t\t\t\t\t\n\t\t\t\t\t<figure class=\"ha-card-figure\">\n\t\t\t\t<img decoding=\"async\" width=\"2560\" height=\"1600\" src=\"https:\/\/deportesmil.com\/wp-content\/uploads\/2021\/08\/ar-1.png\" class=\"attachment-full size-full wp-image-3522\" alt=\"\" srcset=\"https:\/\/deportesmil.com\/wp-content\/uploads\/2021\/08\/ar-1.png 2560w, https:\/\/deportesmil.com\/wp-content\/uploads\/2021\/08\/ar-1-600x375.png 600w, https:\/\/deportesmil.com\/wp-content\/uploads\/2021\/08\/ar-1-300x188.png 300w, https:\/\/deportesmil.com\/wp-content\/uploads\/2021\/08\/ar-1-1024x640.png 1024w, https:\/\/deportesmil.com\/wp-content\/uploads\/2021\/08\/ar-1-768x480.png 768w, https:\/\/deportesmil.com\/wp-content\/uploads\/2021\/08\/ar-1-1536x960.png 1536w, https:\/\/deportesmil.com\/wp-content\/uploads\/2021\/08\/ar-1-2048x1280.png 2048w\" sizes=\"(max-width: 2560px) 100vw, 2560px\" \/>\t\t\t\t\t\t\t<\/figure>\n\t\t\n\t\t<div class=\"ha-card-body\">\n\n\t\t\t<h3 class=\"ha-card-title\">Jefe de la Casa Militar de la Presidencia de la Naci\u00f3n<\/h3>\n\t\t\t\t\t\t\t<div class=\"ha-card-text\">\n\t\t\t\t\t<p>\n...Finalmente encuentra oportuna esta ocasi\u00f3n para renovarle las muestras de su particular estima. \n<br><br>\nExcelente publicaci\u00f3n. Mucha Suerte\n<br><br>\n\n<b><i>H\u00e9ctor Gutierrez Giacosa<\/i><br>\nCORONEL<\/b>\n<\/p>\n\t\t\t\t<\/div>\n\t\t\t\n\t\t\t\t\t<\/div>\n\t\t\t\t\t\t<\/div>\n\t\t\t\t<\/div>\n\t\t\t\t\t<\/div>\n\t\t<\/div>\n\t\t\t\t<div class=\"elementor-column elementor-col-33 elementor-inner-column elementor-element elementor-element-813296c\" data-id=\"813296c\" data-element_type=\"column\" data-e-type=\"column\">\n\t\t\t<div class=\"elementor-widget-wrap elementor-element-populated\">\n\t\t\t\t\t\t<div class=\"elementor-element elementor-element-7a39a41 ha-card--top ha-card--tablet-top ha-card--mobile-top elementor-widget elementor-widget-ha-card happy-addon ha-card\" data-id=\"7a39a41\" data-element_type=\"widget\" data-e-type=\"widget\" data-widget_type=\"ha-card.default\">\n\t\t\t\t<div class=\"elementor-widget-container\">\n\t\t\t\t\t\n\t\t\t\t\t<figure class=\"ha-card-figure\">\n\t\t\t\t<img loading=\"lazy\" decoding=\"async\" width=\"360\" height=\"240\" src=\"https:\/\/deportesmil.com\/wp-content\/uploads\/2021\/08\/ru.png\" class=\"attachment-full size-full wp-image-3471\" alt=\"\" srcset=\"https:\/\/deportesmil.com\/wp-content\/uploads\/2021\/08\/ru.png 360w, https:\/\/deportesmil.com\/wp-content\/uploads\/2021\/08\/ru-300x200.png 300w\" sizes=\"(max-width: 360px) 100vw, 360px\" \/>\t\t\t\t\t\t\t<\/figure>\n\t\t\n\t\t<div class=\"ha-card-body\">\n\n\t\t\t<h3 class=\"ha-card-title\">Agregado Militar, Naval y A\u00e9rea de la Embajada de la Federaci\u00f3n  de Rusia<\/h3>\n\t\t\t\t\t\t\t<div class=\"ha-card-text\">\n\t\t\t\t\t<p>\n...Junto con reiterar nuestras congratulaciones, hago v\u00e1lida esta grata oportunidad para manifestarles mi sentimiento de mayor consideraci\u00f3n. \n<br><br>\nExcelente publicaci\u00f3n. Mucha Suerte\n<br><br>\n\n<b><i>Victor Chistiakov<\/i><br>\nCORONEL<\/b>\n<\/p>\n\t\t\t\t<\/div>\n\t\t\t\n\t\t\t\t\t<\/div>\n\t\t\t\t\t\t<\/div>\n\t\t\t\t<\/div>\n\t\t\t\t\t<\/div>\n\t\t<\/div>\n\t\t\t\t<div class=\"elementor-column elementor-col-33 elementor-inner-column elementor-element elementor-element-ae99c86\" data-id=\"ae99c86\" data-element_type=\"column\" data-e-type=\"column\">\n\t\t\t<div class=\"elementor-widget-wrap elementor-element-populated\">\n\t\t\t\t\t\t<div class=\"elementor-element elementor-element-f8da857 ha-card--top ha-card--tablet-top ha-card--mobile-top elementor-widget elementor-widget-ha-card happy-addon ha-card\" data-id=\"f8da857\" data-element_type=\"widget\" data-e-type=\"widget\" data-widget_type=\"ha-card.default\">\n\t\t\t\t<div class=\"elementor-widget-container\">\n\t\t\t\t\t\n\t\t\t\t\t<figure class=\"ha-card-figure\">\n\t\t\t\t<img loading=\"lazy\" decoding=\"async\" width=\"436\" height=\"240\" src=\"https:\/\/deportesmil.com\/wp-content\/uploads\/2021\/08\/py.png\" class=\"attachment-full size-full wp-image-3475\" alt=\"\" srcset=\"https:\/\/deportesmil.com\/wp-content\/uploads\/2021\/08\/py.png 436w, https:\/\/deportesmil.com\/wp-content\/uploads\/2021\/08\/py-300x165.png 300w\" sizes=\"(max-width: 436px) 100vw, 436px\" \/>\t\t\t\t\t\t\t<\/figure>\n\t\t\n\t\t<div class=\"ha-card-body\">\n\n\t\t\t<h3 class=\"ha-card-title\">Embajada de Paraguay<\/h3>\n\t\t\t\t\t\t\t<div class=\"ha-card-text\">\n\t\t\t\t\t<p>\n... Hago llegar mis felicitaciones y deseos de permanentes \u00e9xitos a la hermosa iniciativa comprometiendo mi apoyo en lo que pueda para aportar datos de las Fuerzas Armadas de m\u00ed pa\u00eds, en esta disciplina. \n<br><br>\nSin otro particular, hago propicia la oportunidad para saludar al Sr. Director y sus colaboradores con mi consideraci\u00f3n m\u00e1s distinguida.\n<br><br>\n\n<b><i>\u00c1ngel Dar\u00edo Ben\u00edtez C\u00e1ceres<\/i><br>\nCrnel. DEM Agregado Militar<\/b>\n<\/p>\n\t\t\t\t<\/div>\n\t\t\t\n\t\t\t\t\t<\/div>\n\t\t\t\t\t\t<\/div>\n\t\t\t\t<\/div>\n\t\t\t\t\t<\/div>\n\t\t<\/div>\n\t\t\t\t\t<\/div>\n\t\t<\/section>\n\t\t\t\t<section class=\"elementor-section elementor-inner-section elementor-element elementor-element-eccd3b9 elementor-section-full_width elementor-section-height-default elementor-section-height-default wpr-particle-no wpr-jarallax-no wpr-parallax-no wpr-sticky-section-no wpr-equal-height-no\" data-id=\"eccd3b9\" data-element_type=\"section\" data-e-type=\"section\" data-settings=\"{&quot;_ha_eqh_enable&quot;:false}\">\n\t\t\t\t\t\t<div class=\"elementor-container elementor-column-gap-default\">\n\t\t\t\t\t<div class=\"elementor-column elementor-col-33 elementor-inner-column elementor-element elementor-element-2b0263b\" data-id=\"2b0263b\" data-element_type=\"column\" data-e-type=\"column\">\n\t\t\t<div class=\"elementor-widget-wrap elementor-element-populated\">\n\t\t\t\t\t\t<div class=\"elementor-element elementor-element-d1d3962 ha-card--top ha-card--tablet-top ha-card--mobile-top elementor-widget elementor-widget-ha-card happy-addon ha-card\" data-id=\"d1d3962\" data-element_type=\"widget\" data-e-type=\"widget\" data-widget_type=\"ha-card.default\">\n\t\t\t\t<div class=\"elementor-widget-container\">\n\t\t\t\t\t\n\t\t\t\t\t<figure class=\"ha-card-figure\">\n\t\t\t\t<img loading=\"lazy\" decoding=\"async\" width=\"2560\" height=\"1600\" src=\"https:\/\/deportesmil.com\/wp-content\/uploads\/2021\/08\/va.png\" class=\"attachment-full size-full wp-image-3529\" alt=\"\" srcset=\"https:\/\/deportesmil.com\/wp-content\/uploads\/2021\/08\/va.png 2560w, https:\/\/deportesmil.com\/wp-content\/uploads\/2021\/08\/va-600x375.png 600w, https:\/\/deportesmil.com\/wp-content\/uploads\/2021\/08\/va-300x188.png 300w, https:\/\/deportesmil.com\/wp-content\/uploads\/2021\/08\/va-1024x640.png 1024w, https:\/\/deportesmil.com\/wp-content\/uploads\/2021\/08\/va-768x480.png 768w, https:\/\/deportesmil.com\/wp-content\/uploads\/2021\/08\/va-1536x960.png 1536w, https:\/\/deportesmil.com\/wp-content\/uploads\/2021\/08\/va-2048x1280.png 2048w\" sizes=\"(max-width: 2560px) 100vw, 2560px\" \/>\t\t\t\t\t\t\t<\/figure>\n\t\t\n\t\t<div class=\"ha-card-body\">\n\n\t\t\t<h3 class=\"ha-card-title\">El Vaticano<\/h3>\n\t\t\t\t\t\t\t<div class=\"ha-card-text\">\n\t\t\t\t\t<p>\n... Agradeciendo la difusi\u00f3n de nuestro portal en vuestro medio lo saludamos con los mejores deseos de \u00e9xito. \n<br><br>\nCordialmente en Cristo\n<br><br>\n\n<b><i>El Vaticano - Portal Cat\u00f3lico<\/i><br>\nRIIAL - Red Cat\u00f3lica<\/b>\n<\/p>\n\t\t\t\t<\/div>\n\t\t\t\n\t\t\t\t\t<\/div>\n\t\t\t\t\t\t<\/div>\n\t\t\t\t<\/div>\n\t\t\t\t\t<\/div>\n\t\t<\/div>\n\t\t\t\t<div class=\"elementor-column elementor-col-33 elementor-inner-column elementor-element elementor-element-4c03a76\" data-id=\"4c03a76\" data-element_type=\"column\" data-e-type=\"column\">\n\t\t\t<div class=\"elementor-widget-wrap elementor-element-populated\">\n\t\t\t\t\t\t<div class=\"elementor-element elementor-element-41c167b ha-card--top ha-card--tablet-top ha-card--mobile-top elementor-widget elementor-widget-ha-card happy-addon ha-card\" data-id=\"41c167b\" data-element_type=\"widget\" data-e-type=\"widget\" data-widget_type=\"ha-card.default\">\n\t\t\t\t<div class=\"elementor-widget-container\">\n\t\t\t\t\t\n\t\t\t\t\t<figure class=\"ha-card-figure\">\n\t\t\t\t<img decoding=\"async\" width=\"2560\" height=\"1600\" src=\"https:\/\/deportesmil.com\/wp-content\/uploads\/2021\/08\/ar-1.png\" class=\"attachment-full size-full wp-image-3522\" alt=\"\" srcset=\"https:\/\/deportesmil.com\/wp-content\/uploads\/2021\/08\/ar-1.png 2560w, https:\/\/deportesmil.com\/wp-content\/uploads\/2021\/08\/ar-1-600x375.png 600w, https:\/\/deportesmil.com\/wp-content\/uploads\/2021\/08\/ar-1-300x188.png 300w, https:\/\/deportesmil.com\/wp-content\/uploads\/2021\/08\/ar-1-1024x640.png 1024w, https:\/\/deportesmil.com\/wp-content\/uploads\/2021\/08\/ar-1-768x480.png 768w, https:\/\/deportesmil.com\/wp-content\/uploads\/2021\/08\/ar-1-1536x960.png 1536w, https:\/\/deportesmil.com\/wp-content\/uploads\/2021\/08\/ar-1-2048x1280.png 2048w\" sizes=\"(max-width: 2560px) 100vw, 2560px\" \/>\t\t\t\t\t\t\t<\/figure>\n\t\t\n\t\t<div class=\"ha-card-body\">\n\n\t\t\t<h3 class=\"ha-card-title\">Jefe del Estado Mayor Conjunto de las FFAA<\/h3>\n\t\t\t\t\t\t\t<div class=\"ha-card-text\">\n\t\t\t\t\t<p>\n... Asimismo quiero destacar que esta Oficina de Prensa est\u00e1 a su disposici\u00f3n para trabajar en conjunto y lograr as\u00ed una mayor difusi\u00f3n de las actividades deportivas de nuestras Fuerzas Armadas. \n<br><br>\nSin otro particular, y dese\u00e1ndoles nuevamente \u00e9xitos los saludamos muy atentamente.\n<br><br>\n\n<b><i>Rub\u00e9n Sassone<\/i><br>\nVICECOMODORO<br>\nJefe de Prensa del Estado Mayor Conjunto de las Fuerzas Armadas.\n<\/b>\n<\/p>\n\t\t\t\t<\/div>\n\t\t\t\n\t\t\t\t\t<\/div>\n\t\t\t\t\t\t<\/div>\n\t\t\t\t<\/div>\n\t\t\t\t\t<\/div>\n\t\t<\/div>\n\t\t\t\t<div class=\"elementor-column elementor-col-33 elementor-inner-column elementor-element elementor-element-950c64d\" data-id=\"950c64d\" data-element_type=\"column\" data-e-type=\"column\" data-settings=\"{&quot;background_background&quot;:&quot;classic&quot;}\">\n\t\t\t<div class=\"elementor-widget-wrap elementor-element-populated\">\n\t\t\t\t\t\t<div class=\"elementor-element elementor-element-afe0f1f ha-card--top ha-card--tablet-top ha-card--mobile-top elementor-widget elementor-widget-ha-card happy-addon ha-card\" data-id=\"afe0f1f\" data-element_type=\"widget\" data-e-type=\"widget\" data-widget_type=\"ha-card.default\">\n\t\t\t\t<div class=\"elementor-widget-container\">\n\t\t\t\t\t\n\t\t\t\t\t<figure class=\"ha-card-figure\">\n\t\t\t\t<img loading=\"lazy\" decoding=\"async\" width=\"360\" height=\"240\" src=\"https:\/\/deportesmil.com\/wp-content\/uploads\/2021\/08\/cl.png\" class=\"attachment-full size-full wp-image-3407\" alt=\"Bandera de Chile\" srcset=\"https:\/\/deportesmil.com\/wp-content\/uploads\/2021\/08\/cl.png 360w, https:\/\/deportesmil.com\/wp-content\/uploads\/2021\/08\/cl-300x200.png 300w\" sizes=\"(max-width: 360px) 100vw, 360px\" \/>\t\t\t\t\t\t\t<\/figure>\n\t\t\n\t\t<div class=\"ha-card-body\">\n\n\t\t\t<h3 class=\"ha-card-title\">Agregado Militar de la Embajada de Chile<\/h3>\n\t\t\t\t\t\t\t<div class=\"ha-card-text\">\n\t\t\t\t\t<p>\n.. El Coronel Hern\u00e1ndez junto con reiterar su agradecimiento, se vale de esta especial ocasi\u00f3n para manifestarle los sentimientos de sus m\u00e1s altas y distinguidas consideraciones.\n<br>\n\nCon especial atenci\u00f3n; <br><br>\n<b><i>Iv\u00e1n Carlos Hern\u00e1ndez Cambiaso<\/i><br>\nCORONEL<\/b>\n<\/p>\n\t\t\t\t<\/div>\n\t\t\t\n\t\t\t\t\t<\/div>\n\t\t\t\t\t\t<\/div>\n\t\t\t\t<\/div>\n\t\t\t\t\t<\/div>\n\t\t<\/div>\n\t\t\t\t\t<\/div>\n\t\t<\/section>\n\t\t\t\t\t<\/div>\n\t\t<\/div>\n\t\t\t\t\t<\/div>\n\t\t<\/section>\n\t\t\t\t<section class=\"elementor-section elementor-top-section elementor-element elementor-element-98b7524 elementor-section-boxed elementor-section-height-default elementor-section-height-default wpr-particle-no wpr-jarallax-no wpr-parallax-no wpr-sticky-section-no wpr-equal-height-no\" data-id=\"98b7524\" data-element_type=\"section\" data-e-type=\"section\" data-settings=\"{&quot;_ha_eqh_enable&quot;:false}\">\n\t\t\t\t\t\t<div class=\"elementor-container elementor-column-gap-default\">\n\t\t\t\t\t<div class=\"elementor-column elementor-col-100 elementor-top-column elementor-element elementor-element-2a91771\" data-id=\"2a91771\" data-element_type=\"column\" data-e-type=\"column\">\n\t\t\t<div class=\"elementor-widget-wrap elementor-element-populated\">\n\t\t\t\t\t\t<div class=\"elementor-element elementor-element-3271e90 elementor-widget elementor-widget-spacer\" data-id=\"3271e90\" data-element_type=\"widget\" data-e-type=\"widget\" data-widget_type=\"spacer.default\">\n\t\t\t\t<div class=\"elementor-widget-container\">\n\t\t\t\t\t\t\t<div class=\"elementor-spacer\">\n\t\t\t<div class=\"elementor-spacer-inner\"><\/div>\n\t\t<\/div>\n\t\t\t\t\t\t<\/div>\n\t\t\t\t<\/div>\n\t\t\t\t\t<\/div>\n\t\t<\/div>\n\t\t\t\t\t<\/div>\n\t\t<\/section>\n\t\t\t\t<\/div>\n\t\t","protected":false},"excerpt":{"rendered":"<p>Agradecimientos En esta secci\u00f3n nuestros internautas podr\u00e1n encontrar rese\u00f1as de agradecimiento que hemos recibido como SPORT FUERZAS (cuando funcion\u00e1bamos en edici\u00f3n impresa) y que ahora en formato digital recibimos como DEPORTES.MIL; rese\u00f1as de diferentes agregados militares, embajadas y personalidades representativas de las diferentes fuerzas militares. Departamento de Comunicaci\u00f3n Institucional de la Secretar\u00eda del Ejercito &#8230; Establecemos el contacto, fue de muy buen agrado haber recibido su material. Saludos Cordiales; Tcnl. Mart\u00edn Mendoza Dpto. Comunicaci\u00f3n Institucional Secretar\u00eda General del Ej\u00e9rcito Federaci\u00f3n Deportiva Militar Argentina .. Asimismo, deseo por la magn\u00edfica edici\u00f3n y contenido que cubre la pr\u00e1ctica del deporte castrense. Sin otro particular y deseandoles que continuen los exitos. Saludo muy atentamente; Carlos Alfonso GENERAL DE BRIGADA (R) PRESIDENTE DE LA FEDERACI\u00d3N DEPORTIVA MILITAR Embajada del Reino de Arabia Saudita .. Al agradecerle dicho env\u00edo, quiero hacerle llegar a Ud. y a su grupo de Sport Fuerzas mis m\u00e1s sinceros deseos de \u00e9xito y de continuo progreso. Adnan A. Baghdadl EMBAJADOR Jefe de la Casa Militar de la Presidencia de la Naci\u00f3n &#8230;Finalmente encuentra oportuna esta ocasi\u00f3n para renovarle las muestras de su particular estima. Excelente publicaci\u00f3n. Mucha Suerte H\u00e9ctor Gutierrez Giacosa CORONEL Agregado Militar, Naval y A\u00e9rea de la Embajada de la Federaci\u00f3n de Rusia &#8230;Junto con reiterar nuestras congratulaciones, hago v\u00e1lida esta grata oportunidad para manifestarles mi sentimiento de mayor consideraci\u00f3n. Excelente publicaci\u00f3n. Mucha Suerte Victor Chistiakov CORONEL Embajada de Paraguay &#8230; Hago llegar mis felicitaciones y deseos de permanentes \u00e9xitos a la hermosa iniciativa comprometiendo mi apoyo en lo que pueda para aportar datos de las Fuerzas Armadas de m\u00ed pa\u00eds, en esta disciplina. Sin otro particular, hago propicia la oportunidad para saludar al Sr. Director y sus colaboradores con mi consideraci\u00f3n m\u00e1s distinguida. \u00c1ngel Dar\u00edo Ben\u00edtez C\u00e1ceres Crnel. DEM Agregado Militar El Vaticano &#8230; Agradeciendo la difusi\u00f3n de nuestro portal en vuestro medio lo saludamos con los mejores deseos de \u00e9xito. Cordialmente en Cristo El Vaticano &#8211; Portal Cat\u00f3lico RIIAL &#8211; Red Cat\u00f3lica Jefe del Estado Mayor Conjunto de las FFAA &#8230; Asimismo quiero destacar que esta Oficina de Prensa est\u00e1 a su disposici\u00f3n para trabajar en conjunto y lograr as\u00ed una mayor difusi\u00f3n de las actividades deportivas de nuestras Fuerzas Armadas. Sin otro particular, y dese\u00e1ndoles nuevamente \u00e9xitos los saludamos muy atentamente. Rub\u00e9n Sassone VICECOMODORO Jefe de Prensa del Estado Mayor Conjunto de las Fuerzas Armadas. Agregado Militar de la Embajada de Chile .. El Coronel Hern\u00e1ndez junto con reiterar su agradecimiento, se vale de esta especial ocasi\u00f3n para manifestarle los sentimientos de sus m\u00e1s altas y distinguidas consideraciones. Con especial atenci\u00f3n; Iv\u00e1n Carlos Hern\u00e1ndez Cambiaso CORONEL<\/p>\n","protected":false},"author":2,"featured_media":0,"parent":0,"menu_order":0,"comment_status":"closed","ping_status":"closed","template":"elementor_header_footer","meta":{"site-sidebar-layout":"no-sidebar","site-content-layout":"page-builder","ast-site-content-layout":"default","site-content-style":"default","site-sidebar-style":"default","ast-global-header-display":"","ast-banner-title-visibility":"","ast-main-header-display":"","ast-hfb-above-header-display":"","ast-hfb-below-header-display":"","ast-hfb-mobile-header-display":"","site-post-title":"disabled","ast-breadcrumbs-content":"","ast-featured-img":"","footer-sml-layout":"","ast-disable-related-posts":"","theme-transparent-header-meta":"default","adv-header-id-meta":"","stick-header-meta":"","header-above-stick-meta":"","header-main-stick-meta":"","header-below-stick-meta":"","astra-migrate-meta-layouts":"default","ast-page-background-enabled":"default","ast-page-background-meta":{"desktop":{"background-color":"","background-image":"","background-repeat":"repeat","background-position":"center center","background-size":"auto","background-attachment":"scroll","background-type":"","background-media":"","overlay-type":"","overlay-color":"","overlay-opacity":"","overlay-gradient":""},"tablet":{"background-color":"","background-image":"","background-repeat":"repeat","background-position":"center center","background-size":"auto","background-attachment":"scroll","background-type":"","background-media":"","overlay-type":"","overlay-color":"","overlay-opacity":"","overlay-gradient":""},"mobile":{"background-color":"","background-image":"","background-repeat":"repeat","background-position":"center center","background-size":"auto","background-attachment":"scroll","background-type":"","background-media":"","overlay-type":"","overlay-color":"","overlay-opacity":"","overlay-gradient":""}},"ast-content-background-meta":{"desktop":{"background-color":"var(--ast-global-color-5)","background-image":"","background-repeat":"repeat","background-position":"center center","background-size":"auto","background-attachment":"scroll","background-type":"","background-media":"","overlay-type":"","overlay-color":"","overlay-opacity":"","overlay-gradient":""},"tablet":{"background-color":"var(--ast-global-color-5)","background-image":"","background-repeat":"repeat","background-position":"center center","background-size":"auto","background-attachment":"scroll","background-type":"","background-media":"","overlay-type":"","overlay-color":"","overlay-opacity":"","overlay-gradient":""},"mobile":{"background-color":"var(--ast-global-color-5)","background-image":"","background-repeat":"repeat","background-position":"center center","background-size":"auto","background-attachment":"scroll","background-type":"","background-media":"","overlay-type":"","overlay-color":"","overlay-opacity":"","overlay-gradient":""}},"pgc_sgb_lightbox_settings":"","footnotes":""},"class_list":["post-3396","page","type-page","status-publish","hentry"],"_links":{"self":[{"href":"https:\/\/deportesmil.com\/index.php?rest_route=\/wp\/v2\/pages\/3396","targetHints":{"allow":["GET"]}}],"collection":[{"href":"https:\/\/deportesmil.com\/index.php?rest_route=\/wp\/v2\/pages"}],"about":[{"href":"https:\/\/deportesmil.com\/index.php?rest_route=\/wp\/v2\/types\/page"}],"author":[{"embeddable":true,"href":"https:\/\/deportesmil.com\/index.php?rest_route=\/wp\/v2\/users\/2"}],"replies":[{"embeddable":true,"href":"https:\/\/deportesmil.com\/index.php?rest_route=%2Fwp%2Fv2%2Fcomments&post=3396"}],"version-history":[{"count":94,"href":"https:\/\/deportesmil.com\/index.php?rest_route=\/wp\/v2\/pages\/3396\/revisions"}],"predecessor-version":[{"id":4030,"href":"https:\/\/deportesmil.com\/index.php?rest_route=\/wp\/v2\/pages\/3396\/revisions\/4030"}],"wp:attachment":[{"href":"https:\/\/deportesmil.com\/index.php?rest_route=%2Fwp%2Fv2%2Fmedia&parent=3396"}],"curies":[{"name":"wp","href":"https:\/\/api.w.org\/{rel}","templated":true}]}}